{"version":"1.0","type":"rich","provider_name":"AG Taxi Berlin","provider_url":"https:\/\/ag-taxi.de","title":"Von Barcelona bis Berlin - Widerstand gegen Uber &amp; Co.!","author_name":"Michael Schilwa","width":"600","height":"400","url":"https:\/\/ag-taxi.de\/Von-Barcelona-bis-Berlin-Widerstand-gegen-Uber-Co.html","html":"\u003Ch4 class='title'\u003E\u003Ca href='https:\/\/ag-taxi.de\/Von-Barcelona-bis-Berlin-Widerstand-gegen-Uber-Co.html'\u003EVon Barcelona bis Berlin - Widerstand gegen Uber &amp; Co.!\u003C\/a\u003E\u003C\/h4\u003E\u003Cblockquote class='spip'\u003E\n\u003Cp\u003ETaxistreiks in Madrid, Proteststernfahrten in Wien und Berlin, Blockade der Tower Bridge in London, brennende Uber-Karossen in Paris. Was ist da los in einer Branche, die bislang eher nicht durch \u00fcbergro\u00dfe Aufm\u00fcpfigkeit aufgefallen ist? \n\u003Cbr class='autobr' \/\u003E\n Klicken Sie auf die \u00dcberschriften, und lesen Sie, worum es im Einzelnen geht. \n\u003Cbr class='autobr' \/\u003E\n\u00dcberleben \n\u003Cbr class='autobr' \/\u003E\nGanz einfach, es geht um die nackte Existenz eines ganzen Gewerbes, um Hunderttausende Jobs. \n\u003Cbr class='autobr' \/\u003E\nDer Gr\u00fcnder und seit kurzem Ex-CEO von Uber, der Multimilliard\u00e4r&nbsp;(\u2026)\u003C\/p\u003E\n\u003C\/blockquote\u003E\n"}